{"id":1177,"date":"2019-04-29T05:31:38","date_gmt":"2019-04-29T05:31:38","guid":{"rendered":"http:\/\/grandmosque-iceland.is\/?page_id=33"},"modified":"2024-12-13T21:47:42","modified_gmt":"2024-12-13T21:47:42","slug":"islomsk-sidmenning","status":"publish","type":"page","link":"https:\/\/grandmosque-iceland.is\/?page_id=1177","title":{"rendered":"\u00cdsl\u00f6msk si\u00f0menning"},"content":{"rendered":"<p>\u00cdsl\u00f6msk si\u00f0menning er d\u00fdrm\u00e6t og fj\u00f6l\u00fe\u00e6tt arfleif\u00f0 sem hefur haft gr\u00ed\u00f0arlega \u00e1hrif \u00e1 menningu, v\u00edsindi, listir og samf\u00e9l\u00f6g \u00ed gegnum aldirnar. H\u00fan er bygg\u00f0 \u00e1 kenningum K\u00f3ransins og l\u00edfi og kenningum sp\u00e1mannsins M\u00fahame\u00f0s (PBUH). \u00cdsl\u00f6msk si\u00f0menning hefur myndast yfir langan t\u00edma og hefur or\u00f0i\u00f0 m\u00f3tandi fyrir marga hluta af heimsmenningu, s\u00e9rstaklega \u00ed menntun, l\u00e6knisfr\u00e6\u00f0i, hagfr\u00e6\u00f0i og heimspeki.<\/p>\n<h3>Helstu \u00fe\u00e6ttir \u00ed \u00edsl\u00f6mskri si\u00f0menningu:<\/h3>\n<ol>\n<li><strong>Tr\u00fa og Si\u00f0fer\u00f0i<\/strong>:\n<ul>\n<li>Tr\u00fain \u00e1 Allah og sp\u00e1manninn M\u00fahame\u00f0 (PBUH) er grunnurinn a\u00f0 \u00edsl\u00f6mskri si\u00f0menningu. \u00cdslam fer fram \u00e1 a\u00f0 f\u00f3lk fari eftir \u00e1kve\u00f0num si\u00f0fer\u00f0ilegum reglum sem byggja \u00e1 r\u00e9ttl\u00e6ti, vir\u00f0ingu og g\u00f3\u00f0vild.<\/li>\n<li>Fyrirmyndir \u00far l\u00edfi sp\u00e1mannsins M\u00fahame\u00f0s (PBUH), sem bo\u00f0a\u00f0i k\u00e6rleika, sam\u00fa\u00f0 og sanngirni, eru miki\u00f0 til fyrirmyndar \u00ed si\u00f0fer\u00f0islegum \u00fe\u00e1ttum \u00edsl\u00f6msks l\u00edfs.<\/li>\n<\/ul>\n<\/li>\n<li><strong>Menntun<\/strong>:\n<ul>\n<li>\u00cdslam setur menntun \u00ed forgang. Fr\u00e1 upphafi hefur veri\u00f0 l\u00f6g\u00f0 \u00e1hersla \u00e1 a\u00f0 leita \u00feekkingar og n\u00fdsk\u00f6pun. \u201eLeita\u00f0u eftir \u00feekkingu fr\u00e1 v\u00f6ggu til grafar,\u201c er eitt af \u00fev\u00ed sem sp\u00e1ma\u00f0urinn M\u00fahame\u00f0 (PBUH) sag\u00f0i, og \u00feess vegna var a\u00f0 miklu leyti \u00fer\u00f3u\u00f0 vir\u00f0ing fyrir v\u00edsindum og menntun \u00ed islamskri si\u00f0menningu.<\/li>\n<li>Rith\u00f6fundar, heimspekingar og v\u00edsindamenn fr\u00e1 m\u00f6rgum aldirnar innan \u00edslamsku heimsins hafa lagt miki\u00f0 til alls kyns fr\u00e6\u00f0a, svo sem st\u00e6r\u00f0fr\u00e6\u00f0i, e\u00f0lisfr\u00e6\u00f0i, ge\u00f3metr\u00edu, l\u00e6knisfr\u00e6\u00f0i og heimspeki.<\/li>\n<\/ul>\n<\/li>\n<li><strong>Heimspeki og V\u00edsindi<\/strong>:\n<ul>\n<li>\u00cdslamsk si\u00f0menning var \u00e1 undan s\u00ednum t\u00edma \u00ed m\u00f6rgum v\u00edsindalegum og heimspekilegum fr\u00e6\u00f0um. M\u00fasl\u00edmar \u00fer\u00f3u\u00f0u t\u00f3l, t\u00e6ki og hugmyndir sem \u00e1ttu eftir a\u00f0 hafa langvarandi \u00e1hrif \u00e1 heiminn, svo sem n\u00fdjungar \u00ed stj\u00f6rnufr\u00e6\u00f0i og efnafr\u00e6\u00f0i.<\/li>\n<li>R\u00edki \u00edslams eins og Abbass\u00eddar\u00edki\u00f0 \u00ed Bagdad \u00e1 8. og 9. \u00f6ld voru mi\u00f0st\u00f6\u00f0var v\u00edsindalegrar n\u00fdsk\u00f6punar og menntunar.<\/li>\n<\/ul>\n<\/li>\n<li><strong>Listir og Menning<\/strong>:\n<ul>\n<li>\u00cdsl\u00f6msk si\u00f0menning hefur einnig haft r\u00edk \u00e1hrif \u00e1 listir, s\u00e9rstaklega \u00ed arkitekt\u00far, \u00fatskur\u00f0i, m\u00e1lverki og t\u00f3nlist. \u00cdslamsk arkitekt\u00far var s\u00e9rstaklega \u00feekktur fyrir st\u00f3rbroti\u00f0 sm\u00ed\u00f0i og fallega minnismerki, eins og moskurnar og minnisvar\u00f0a.<\/li>\n<li>\u00c1hersla \u00e1 myndlist og \u00fatskur\u00f0 \u00ed sta\u00f0 m\u00e1lverka var mikil vegna reglna K\u00f3ransins sem banna myndsk\u00f6pun af l\u00edfverum. Hins vegar bl\u00f3mstra\u00f0i kalligraf\u00eda og geometr\u00edskir mynstur \u00ed \u00edslamskri list.<\/li>\n<\/ul>\n<\/li>\n<li><strong>Samf\u00e9lagslega \u00e1byrg\u00f0<\/strong>:\n<ul>\n<li>\u00cdslam leggur mikla \u00e1herslu \u00e1 f\u00e9lagslega \u00e1byrg\u00f0 og velfer\u00f0. M\u00fasl\u00edmar eru hvattir til a\u00f0 veita \u00f6\u00f0rum, s\u00e9rstaklega \u00feeim sem eru \u00ed vanda, hj\u00e1lp og stu\u00f0ning. Zakat (alm\u00f3\u00f0ur) og Sadaqah (frj\u00e1ls framl\u00f6g) eru skylda sem hver M\u00fasl\u00edmi \u00e1 a\u00f0 uppfylla.<\/li>\n<li>Grunn\u00fe\u00e6ttir samf\u00e9lagsins, eins og fj\u00f6lskyldan, eru einnig \u00ed fyrirr\u00fami. M\u00fasl\u00edmar eru hvattir til a\u00f0 vir\u00f0a og sty\u00f0ja fj\u00f6lskylduna og samhengi vi\u00f0 samf\u00e9lagi\u00f0 me\u00f0 vir\u00f0ingu og sam\u00e1byrg\u00f0.<\/li>\n<\/ul>\n<\/li>\n<li><strong>R\u00e9ttl\u00e6ti og Sanngirni<\/strong>:\n<ul>\n<li>\u00cdslamsk si\u00f0menning krefst sanngirni \u00ed \u00f6llum \u00fe\u00e1ttum l\u00edfsins. K\u00f3raninn og Had\u00edth bo\u00f0a r\u00e9ttl\u00e6ti \u00ed stj\u00f3rns\u00fdslu, vi\u00f0skiptum, f\u00e9lagsl\u00edfi og samskiptum vi\u00f0 a\u00f0ra. \u00cdslamsk r\u00e9ttl\u00e6ti byggist \u00e1 hlutleysi og \u00fev\u00ed a\u00f0 beita l\u00f6gum og reglum \u00ed samr\u00e6mi vi\u00f0 si\u00f0fer\u00f0ilega gildi.<\/li>\n<\/ul>\n<\/li>\n<li><strong>Heilbrig\u00f0i og L\u00e6knisfr\u00e6\u00f0i<\/strong>:\n<ul>\n<li>Heilbrig\u00f0ism\u00e1l eru einnig mj\u00f6g mikilv\u00e6g \u00ed \u00edsl\u00f6mskri si\u00f0menningu. \u00cdslam hvatti til hreinl\u00e6tis, matarvenja og heilsusamlegs l\u00edfsst\u00edls. L\u00e6knisfr\u00e6\u00f0i \u00e1 t\u00edmum \u00edslamskrar menningar var mj\u00f6g framm\u00farstefnuleg, og margir \u00edslamskir l\u00e6knar h\u00f6f\u00f0u mikil \u00e1hrif \u00e1 \u00fer\u00f3un l\u00e6knisfr\u00e6\u00f0i \u00e1 mi\u00f0\u00f6ldum.<\/li>\n<\/ul>\n<\/li>\n<\/ol>\n<h3>Samantekt:<\/h3>\n<p>\u00cdsl\u00f6msk si\u00f0menning hefur veri\u00f0 uppspretta \u00feekkingar, menningar og v\u00edsinda sem hefur \u00e1hrif \u00e1 heimsmenningu \u00ed dag. H\u00fan leggur mikla \u00e1herslu \u00e1 menntun, r\u00e9ttl\u00e6ti, vir\u00f0ingu fyrir \u00f6\u00f0rum og f\u00e9lagslega \u00e1byrg\u00f0. Hvernig M\u00fasl\u00edmar lifa og hvernig \u00feeir hafa byggt upp samf\u00e9l\u00f6g s\u00edna um aldirnar er merki um r\u00edkulega si\u00f0menningu sem hefur haft dj\u00fapst\u00e6\u00f0 \u00e1hrif \u00e1 samf\u00e9l\u00f6g um allan heim.<\/p>\n","protected":false},"excerpt":{"rendered":"<p>\u00cdsl\u00f6msk si\u00f0menning er d\u00fdrm\u00e6t og fj\u00f6l\u00fe\u00e6tt arfleif\u00f0 sem hefur haft gr\u00ed\u00f0arlega \u00e1hrif \u00e1 menningu, v\u00edsindi, listir og samf\u00e9l\u00f6g \u00ed gegnum aldirnar. H\u00fan er bygg\u00f0 \u00e1 kenningum K\u00f3ransins og l\u00edfi og kenningum sp\u00e1mannsins M\u00fahame\u00f0s (PBUH). \u00cdsl\u00f6msk si\u00f0menning hefur myndast yfir langan t\u00edma og hefur or\u00f0i\u00f0 m\u00f3tandi fyrir marga hluta af heimsmenningu,&hellip;<\/p>\n","protected":false},"author":1,"featured_media":0,"parent":29,"menu_order":0,"comment_status":"closed","ping_status":"closed","template":"","meta":{"footnotes":""},"class_list":["post-1177","page","type-page","status-publish","hentry"],"yoast_head":"<!-- This site is optimized with the Yoast SEO plugin v27.5 - https:\/\/yoast.com\/product\/yoast-seo-wordpress\/ -->\n<title>\u00cdsl\u00f6msk si\u00f0menning - St\u00f3rmoskan \u00e1 \u00edslands<\/title>\n<meta name=\"robots\" content=\"index, follow, max-snippet:-1, max-image-preview:large, max-video-preview:-1\" \/>\n<link rel=\"canonical\" href=\"https:\/\/grandmosque-iceland.is\/?page_id=1177\" \/>\n<meta property=\"og:locale\" content=\"is_IS\" \/>\n<meta property=\"og:type\" content=\"article\" \/>\n<meta property=\"og:title\" content=\"\u00cdsl\u00f6msk si\u00f0menning - St\u00f3rmoskan \u00e1 \u00edslands\" \/>\n<meta property=\"og:description\" content=\"\u00cdsl\u00f6msk si\u00f0menning er d\u00fdrm\u00e6t og fj\u00f6l\u00fe\u00e6tt arfleif\u00f0 sem hefur haft gr\u00ed\u00f0arlega \u00e1hrif \u00e1 menningu, v\u00edsindi, listir og samf\u00e9l\u00f6g \u00ed gegnum aldirnar. H\u00fan er bygg\u00f0 \u00e1 kenningum K\u00f3ransins og l\u00edfi og kenningum sp\u00e1mannsins M\u00fahame\u00f0s (PBUH). \u00cdsl\u00f6msk si\u00f0menning hefur myndast yfir langan t\u00edma og hefur or\u00f0i\u00f0 m\u00f3tandi fyrir marga hluta af heimsmenningu,&hellip;\" \/>\n<meta property=\"og:url\" content=\"https:\/\/grandmosque-iceland.is\/?page_id=1177\" \/>\n<meta property=\"og:site_name\" content=\"St\u00f3rmoskan \u00e1 \u00edslands\" \/>\n<meta property=\"article:modified_time\" content=\"2024-12-13T21:47:42+00:00\" \/>\n<meta name=\"twitter:card\" content=\"summary_large_image\" \/>\n<meta name=\"twitter:label1\" content=\"Est. reading time\" \/>\n\t<meta name=\"twitter:data1\" content=\"3 minutes\" \/>\n<script type=\"application\/ld+json\" class=\"yoast-schema-graph\">{\"@context\":\"https:\\\/\\\/schema.org\",\"@graph\":[{\"@type\":\"WebPage\",\"@id\":\"https:\\\/\\\/grandmosque-iceland.is\\\/?page_id=1177\",\"url\":\"https:\\\/\\\/grandmosque-iceland.is\\\/?page_id=1177\",\"name\":\"\u00cdsl\u00f6msk si\u00f0menning - St\u00f3rmoskan \u00e1 \u00edslands\",\"isPartOf\":{\"@id\":\"https:\\\/\\\/grandmosque-iceland.is\\\/#website\"},\"datePublished\":\"2019-04-29T05:31:38+00:00\",\"dateModified\":\"2024-12-13T21:47:42+00:00\",\"breadcrumb\":{\"@id\":\"https:\\\/\\\/grandmosque-iceland.is\\\/?page_id=1177#breadcrumb\"},\"inLanguage\":\"is\",\"potentialAction\":[{\"@type\":\"ReadAction\",\"target\":[\"https:\\\/\\\/grandmosque-iceland.is\\\/?page_id=1177\"]}]},{\"@type\":\"BreadcrumbList\",\"@id\":\"https:\\\/\\\/grandmosque-iceland.is\\\/?page_id=1177#breadcrumb\",\"itemListElement\":[{\"@type\":\"ListItem\",\"position\":1,\"name\":\"Home\",\"item\":\"https:\\\/\\\/grandmosque-iceland.is\\\/\"},{\"@type\":\"ListItem\",\"position\":2,\"name\":\"\u00cdslam\",\"item\":\"https:\\\/\\\/grandmosque-iceland.is\\\/?page_id=29\"},{\"@type\":\"ListItem\",\"position\":3,\"name\":\"\u00cdsl\u00f6msk si\u00f0menning\"}]},{\"@type\":\"WebSite\",\"@id\":\"https:\\\/\\\/grandmosque-iceland.is\\\/#website\",\"url\":\"https:\\\/\\\/grandmosque-iceland.is\\\/\",\"name\":\"St\u00f3rmoskan \u00e1 \u00edslands\",\"description\":\"\",\"publisher\":{\"@id\":\"https:\\\/\\\/grandmosque-iceland.is\\\/#organization\"},\"potentialAction\":[{\"@type\":\"SearchAction\",\"target\":{\"@type\":\"EntryPoint\",\"urlTemplate\":\"https:\\\/\\\/grandmosque-iceland.is\\\/?s={search_term_string}\"},\"query-input\":{\"@type\":\"PropertyValueSpecification\",\"valueRequired\":true,\"valueName\":\"search_term_string\"}}],\"inLanguage\":\"is\"},{\"@type\":\"Organization\",\"@id\":\"https:\\\/\\\/grandmosque-iceland.is\\\/#organization\",\"name\":\"St\u00f3rmoskan \u00e1 \u00edslands\",\"url\":\"https:\\\/\\\/grandmosque-iceland.is\\\/\",\"logo\":{\"@type\":\"ImageObject\",\"inLanguage\":\"is\",\"@id\":\"https:\\\/\\\/grandmosque-iceland.is\\\/#\\\/schema\\\/logo\\\/image\\\/\",\"url\":\"https:\\\/\\\/grandmosque-iceland.is\\\/wp-content\\\/uploads\\\/2019\\\/12\\\/logo-n-1.png\",\"contentUrl\":\"https:\\\/\\\/grandmosque-iceland.is\\\/wp-content\\\/uploads\\\/2019\\\/12\\\/logo-n-1.png\",\"width\":236,\"height\":85,\"caption\":\"St\u00f3rmoskan \u00e1 \u00edslands\"},\"image\":{\"@id\":\"https:\\\/\\\/grandmosque-iceland.is\\\/#\\\/schema\\\/logo\\\/image\\\/\"}}]}<\/script>\n<!-- \/ Yoast SEO plugin. -->","yoast_head_json":{"title":"\u00cdsl\u00f6msk si\u00f0menning - St\u00f3rmoskan \u00e1 \u00edslands","robots":{"index":"index","follow":"follow","max-snippet":"max-snippet:-1","max-image-preview":"max-image-preview:large","max-video-preview":"max-video-preview:-1"},"canonical":"https:\/\/grandmosque-iceland.is\/?page_id=1177","og_locale":"is_IS","og_type":"article","og_title":"\u00cdsl\u00f6msk si\u00f0menning - St\u00f3rmoskan \u00e1 \u00edslands","og_description":"\u00cdsl\u00f6msk si\u00f0menning er d\u00fdrm\u00e6t og fj\u00f6l\u00fe\u00e6tt arfleif\u00f0 sem hefur haft gr\u00ed\u00f0arlega \u00e1hrif \u00e1 menningu, v\u00edsindi, listir og samf\u00e9l\u00f6g \u00ed gegnum aldirnar. H\u00fan er bygg\u00f0 \u00e1 kenningum K\u00f3ransins og l\u00edfi og kenningum sp\u00e1mannsins M\u00fahame\u00f0s (PBUH). \u00cdsl\u00f6msk si\u00f0menning hefur myndast yfir langan t\u00edma og hefur or\u00f0i\u00f0 m\u00f3tandi fyrir marga hluta af heimsmenningu,&hellip;","og_url":"https:\/\/grandmosque-iceland.is\/?page_id=1177","og_site_name":"St\u00f3rmoskan \u00e1 \u00edslands","article_modified_time":"2024-12-13T21:47:42+00:00","twitter_card":"summary_large_image","twitter_misc":{"Est. reading time":"3 minutes"},"schema":{"@context":"https:\/\/schema.org","@graph":[{"@type":"WebPage","@id":"https:\/\/grandmosque-iceland.is\/?page_id=1177","url":"https:\/\/grandmosque-iceland.is\/?page_id=1177","name":"\u00cdsl\u00f6msk si\u00f0menning - St\u00f3rmoskan \u00e1 \u00edslands","isPartOf":{"@id":"https:\/\/grandmosque-iceland.is\/#website"},"datePublished":"2019-04-29T05:31:38+00:00","dateModified":"2024-12-13T21:47:42+00:00","breadcrumb":{"@id":"https:\/\/grandmosque-iceland.is\/?page_id=1177#breadcrumb"},"inLanguage":"is","potentialAction":[{"@type":"ReadAction","target":["https:\/\/grandmosque-iceland.is\/?page_id=1177"]}]},{"@type":"BreadcrumbList","@id":"https:\/\/grandmosque-iceland.is\/?page_id=1177#breadcrumb","itemListElement":[{"@type":"ListItem","position":1,"name":"Home","item":"https:\/\/grandmosque-iceland.is\/"},{"@type":"ListItem","position":2,"name":"\u00cdslam","item":"https:\/\/grandmosque-iceland.is\/?page_id=29"},{"@type":"ListItem","position":3,"name":"\u00cdsl\u00f6msk si\u00f0menning"}]},{"@type":"WebSite","@id":"https:\/\/grandmosque-iceland.is\/#website","url":"https:\/\/grandmosque-iceland.is\/","name":"St\u00f3rmoskan \u00e1 \u00edslands","description":"","publisher":{"@id":"https:\/\/grandmosque-iceland.is\/#organization"},"potentialAction":[{"@type":"SearchAction","target":{"@type":"EntryPoint","urlTemplate":"https:\/\/grandmosque-iceland.is\/?s={search_term_string}"},"query-input":{"@type":"PropertyValueSpecification","valueRequired":true,"valueName":"search_term_string"}}],"inLanguage":"is"},{"@type":"Organization","@id":"https:\/\/grandmosque-iceland.is\/#organization","name":"St\u00f3rmoskan \u00e1 \u00edslands","url":"https:\/\/grandmosque-iceland.is\/","logo":{"@type":"ImageObject","inLanguage":"is","@id":"https:\/\/grandmosque-iceland.is\/#\/schema\/logo\/image\/","url":"https:\/\/grandmosque-iceland.is\/wp-content\/uploads\/2019\/12\/logo-n-1.png","contentUrl":"https:\/\/grandmosque-iceland.is\/wp-content\/uploads\/2019\/12\/logo-n-1.png","width":236,"height":85,"caption":"St\u00f3rmoskan \u00e1 \u00edslands"},"image":{"@id":"https:\/\/grandmosque-iceland.is\/#\/schema\/logo\/image\/"}}]}},"amp_enabled":true,"_links":{"self":[{"href":"https:\/\/grandmosque-iceland.is\/index.php?rest_route=\/wp\/v2\/pages\/1177","targetHints":{"allow":["GET"]}}],"collection":[{"href":"https:\/\/grandmosque-iceland.is\/index.php?rest_route=\/wp\/v2\/pages"}],"about":[{"href":"https:\/\/grandmosque-iceland.is\/index.php?rest_route=\/wp\/v2\/types\/page"}],"author":[{"embeddable":true,"href":"https:\/\/grandmosque-iceland.is\/index.php?rest_route=\/wp\/v2\/users\/1"}],"replies":[{"embeddable":true,"href":"https:\/\/grandmosque-iceland.is\/index.php?rest_route=%2Fwp%2Fv2%2Fcomments&post=1177"}],"version-history":[{"count":2,"href":"https:\/\/grandmosque-iceland.is\/index.php?rest_route=\/wp\/v2\/pages\/1177\/revisions"}],"predecessor-version":[{"id":1550,"href":"https:\/\/grandmosque-iceland.is\/index.php?rest_route=\/wp\/v2\/pages\/1177\/revisions\/1550"}],"up":[{"embeddable":true,"href":"https:\/\/grandmosque-iceland.is\/index.php?rest_route=\/wp\/v2\/pages\/29"}],"wp:attachment":[{"href":"https:\/\/grandmosque-iceland.is\/index.php?rest_route=%2Fwp%2Fv2%2Fmedia&parent=1177"}],"curies":[{"name":"wp","href":"https:\/\/api.w.org\/{rel}","templated":true}]}}